{"id":172,"date":"2015-04-10T10:02:28","date_gmt":"2015-04-10T10:02:28","guid":{"rendered":"http:\/\/www.fotokopia.hu\/wp\/?page_id=172"},"modified":"2025-01-10T13:22:09","modified_gmt":"2025-01-10T13:22:09","slug":"sajto","status":"publish","type":"page","link":"https:\/\/www.fotokopia.hu\/?page_id=172","title":{"rendered":"Sajt\u00f3"},"content":{"rendered":"\t\t<div data-elementor-type=\"wp-page\" data-elementor-id=\"172\" class=\"elementor elementor-172\">\n\t\t\t\t<div class=\"elementor-element elementor-element-62cbcdc0 e-flex e-con-boxed wpr-particle-no wpr-jarallax-no wpr-parallax-no wpr-sticky-section-no e-con e-parent\" data-id=\"62cbcdc0\" data-element_type=\"container\" data-settings=\"{&quot;background_background&quot;:&quot;classic&quot;}\">\n\t\t\t\t\t<div class=\"e-con-inner\">\n\t\t\t\t<div class=\"elementor-element elementor-element-04850f1 elementor-widget elementor-widget-heading\" data-id=\"04850f1\" data-element_type=\"widget\" data-widget_type=\"heading.default\">\n\t\t\t\t<div class=\"elementor-widget-container\">\n\t\t\t\t\t<h2 class=\"elementor-heading-title elementor-size-default\">Sajt\u00f3megjelen\u00e9sek<\/h2>\t\t\t\t<\/div>\n\t\t\t\t<\/div>\n\t\t\t\t<div class=\"elementor-element elementor-element-6b9c7789 elementor-widget elementor-widget-text-editor\" data-id=\"6b9c7789\" data-element_type=\"widget\" data-widget_type=\"text-editor.default\">\n\t\t\t\t<div class=\"elementor-widget-container\">\n\t\t\t\t\t\t\t\t\t<p><a href=\"http:\/\/vanyabacsi.blog.hu\/2016\/02\/22\/prostitucio_318\" target=\"_blank\" rel=\"noopener\">V\u00e1nya b\u00e1csi blog &#8211; Te mennyibe ker\u00fclsz? (kritika)<\/a><\/p><p><a href=\"http:\/\/www.potszekfoglalo.hu\/2015\/12\/12\/rejto-es-a-kocsmaszinhaz-3\/\" target=\"_blank\" rel=\"noopener\">P\u00f3tsz\u00e9kfoglal\u00f3 &#8211; Rejt\u0151 \u00e9s a kocsmasz\u00ednh\u00e1z<\/a><\/p><p><a href=\"http:\/\/7ora7.blog.hu\/2015\/11\/16\/szep_mint_rejto_jeno_es_az_alternativok_talalkozasa_a_kocsmaasztalon\" target=\"_blank\" rel=\"noopener\">7 \u00f3ra 7 &#8211; Sz\u00e9p, mint Rejt\u0151 Jen\u0151 \u00e9s az alternat\u00edvok tal\u00e1lkoz\u00e1sa a kocsmaasztalon<\/a><\/p><p><a href=\"https:\/\/7ora7.hu\/2016\/12\/05\/felbehagyott_tortenetek_leforditott_tortenetek_kortars_dramafesztival_otodik_nap\" target=\"_blank\" rel=\"noopener\">7 \u00f3ra 7 &#8211; F\u00e9lbehagyott t\u00f6rt\u00e9netek, leford\u00edtott t\u00f6rt\u00e9netek \u2013 Kort\u00e1rs Dr\u00e1mafesztiv\u00e1l, \u00f6t\u00f6dik nap<\/a><\/p><p><a href=\"https:\/\/7ora7.hu\/2016\/06\/18\/hegedus_d_geza_nem_igazan_hiszek_a_kultura_iranyithatosagaban\" target=\"_blank\" rel=\"noopener\">7 \u00f3ra 7 &#8211; Heged\u0171s D. G\u00e9za: \u201eNem igaz\u00e1n hiszek a kult\u00fara ir\u00e1ny\u00edthat\u00f3s\u00e1g\u00e1ban\u201d<\/a><\/p><p><a href=\"http:\/\/www.origo.hu\/kultura\/egyfelvonas\/20160215-a-miniszteriumhoz-fordulnak-a-fuggetlen-szinhazak-tamogatas-balog-zoltan-hoppal-peter.html\" target=\"_blank\" rel=\"nofollow noopener\">origo.hu &#8211; Balog Zolt\u00e1nhoz fordulnak a f\u00fcggetlen sz\u00ednh\u00e1zak<\/a><\/p><p><a href=\"http:\/\/artnews.hu\/2015\/10\/06\/te-mirol-almodsz-arnold-wesker-a-konyha-pesti-magyar-szinhaz\/\" target=\"_blank\" rel=\"noopener\">artnews.hu &#8211; Te mir\u0151l \u00e1lmodsz? \u2013 Arnold Wesker: A konyha, Pesti Magyar Sz\u00ednh\u00e1z<\/a><\/p>\t\t\t\t\t\t\t\t<\/div>\n\t\t\t\t<\/div>\n\t\t\t\t\t<\/div>\n\t\t\t\t<\/div>\n\t\t\t\t<\/div>\n\t\t","protected":false},"excerpt":{"rendered":"<p>Sajt\u00f3megjelen\u00e9sek V\u00e1nya b\u00e1csi blog &#8211; Te mennyibe ker\u00fclsz? (kritika) P\u00f3tsz\u00e9kfoglal\u00f3 &#8211; Rejt\u0151 \u00e9s a kocsmasz\u00ednh\u00e1z 7 \u00f3ra 7 &#8211; Sz\u00e9p, mint Rejt\u0151 Jen\u0151 \u00e9s az alternat\u00edvok tal\u00e1lkoz\u00e1sa a kocsmaasztalon 7 \u00f3ra 7 &#8211; F\u00e9lbehagyott t\u00f6rt\u00e9netek, leford\u00edtott t\u00f6rt\u00e9netek \u2013 Kort\u00e1rs Dr\u00e1mafesztiv\u00e1l, \u00f6t\u00f6dik nap 7 \u00f3ra 7 &#8211; Heged\u0171s D. G\u00e9za: \u201eNem igaz\u00e1n hiszek a kult\u00fara ir\u00e1ny\u00edthat\u00f3s\u00e1g\u00e1ban\u201d origo.hu &#8211; Balog Zolt\u00e1nhoz fordulnak a f\u00fcggetlen sz\u00ednh\u00e1zak artnews.hu &#8211; Te mir\u0151l \u00e1lmodsz? \u2013 Arnold Wesker: A konyha, Pesti Magyar Sz\u00ednh\u00e1z<\/p>\n","protected":false},"author":1,"featured_media":0,"parent":0,"menu_order":0,"comment_status":"closed","ping_status":"closed","template":"elementor_canvas","meta":{"footnotes":""},"class_list":["post-172","page","type-page","status-publish","hentry"],"aioseo_notices":[],"_links":{"self":[{"href":"https:\/\/www.fotokopia.hu\/index.php?rest_route=\/wp\/v2\/pages\/172","targetHints":{"allow":["GET"]}}],"collection":[{"href":"https:\/\/www.fotokopia.hu\/index.php?rest_route=\/wp\/v2\/pages"}],"about":[{"href":"https:\/\/www.fotokopia.hu\/index.php?rest_route=\/wp\/v2\/types\/page"}],"author":[{"embeddable":true,"href":"https:\/\/www.fotokopia.hu\/index.php?rest_route=\/wp\/v2\/users\/1"}],"replies":[{"embeddable":true,"href":"https:\/\/www.fotokopia.hu\/index.php?rest_route=%2Fwp%2Fv2%2Fcomments&post=172"}],"version-history":[{"count":62,"href":"https:\/\/www.fotokopia.hu\/index.php?rest_route=\/wp\/v2\/pages\/172\/revisions"}],"predecessor-version":[{"id":3788,"href":"https:\/\/www.fotokopia.hu\/index.php?rest_route=\/wp\/v2\/pages\/172\/revisions\/3788"}],"wp:attachment":[{"href":"https:\/\/www.fotokopia.hu\/index.php?rest_route=%2Fwp%2Fv2%2Fmedia&parent=172"}],"curies":[{"name":"wp","href":"https:\/\/api.w.org\/{rel}","templated":true}]}}